{"id":698,"date":"2021-03-14T18:16:36","date_gmt":"2021-03-14T18:16:36","guid":{"rendered":"https:\/\/www.sourdeac.fr\/?page_id=698"},"modified":"2021-03-26T16:06:46","modified_gmt":"2021-03-26T16:06:46","slug":"accueil","status":"publish","type":"page","link":"https:\/\/www.sourdeac.fr\/","title":{"rendered":"Accueil"},"content":{"rendered":"\t\t<div data-elementor-type=\"wp-page\" data-elementor-id=\"698\" class=\"elementor elementor-698\">\n\t\t\t\t\t\t<section class=\"elementor-section elementor-top-section elementor-element elementor-element-233841a elementor-section-boxed elementor-section-height-default elementor-section-height-default\" data-id=\"233841a\" data-element_type=\"section\">\n\t\t\t\t\t\t<div class=\"elementor-container elementor-column-gap-default\">\n\t\t\t\t\t<div class=\"elementor-column elementor-col-100 elementor-top-column elementor-element elementor-element-3044b24\" data-id=\"3044b24\" data-element_type=\"column\">\n\t\t\t<div class=\"elementor-widget-wrap elementor-element-populated\">\n\t\t\t\t\t\t<div class=\"elementor-element elementor-element-8e94cf3 elementor-widget elementor-widget-heading\" data-id=\"8e94cf3\" data-element_type=\"widget\" data-widget_type=\"heading.default\">\n\t\t\t\t<div class=\"elementor-widget-container\">\n\t\t\t\t\t<h2 class=\"elementor-heading-title elementor-size-default\">Bienvenue sur le site de Sourd\u00e9ac, \u00e0 Gl\u00e9nac, sur La Gacilly, dans le Morbihan int\u00e9rieur.<\/h2>\t\t\t\t<\/div>\n\t\t\t\t<\/div>\n\t\t\t\t\t<\/div>\n\t\t<\/div>\n\t\t\t\t\t<\/div>\n\t\t<\/section>\n\t\t\t\t<section class=\"elementor-section elementor-top-section elementor-element elementor-element-2db6b59 elementor-section-boxed elementor-section-height-default elementor-section-height-default\" data-id=\"2db6b59\" data-element_type=\"section\">\n\t\t\t\t\t\t<div class=\"elementor-container elementor-column-gap-default\">\n\t\t\t\t\t<div class=\"elementor-column elementor-col-100 elementor-top-column elementor-element elementor-element-84a911b\" data-id=\"84a911b\" data-element_type=\"column\">\n\t\t\t<div class=\"elementor-widget-wrap elementor-element-populated\">\n\t\t\t\t\t\t<div class=\"elementor-element elementor-element-a204581 elementor-widget elementor-widget-image\" data-id=\"a204581\" data-element_type=\"widget\" data-widget_type=\"image.default\">\n\t\t\t\t<div class=\"elementor-widget-container\">\n\t\t\t\t\t\t\t\t\t\t\t\t<figure class=\"wp-caption\">\n\t\t\t\t\t\t\t\t\t\t<img fetchpriority=\"high\" decoding=\"async\" width=\"580\" height=\"266\" src=\"https:\/\/www.sourdeac.fr\/wp-content\/uploads\/2021\/03\/sourdeac-et-gite-couleur-1024x470.jpg\" class=\"attachment-large size-large wp-image-682\" alt=\"\" srcset=\"https:\/\/www.sourdeac.fr\/wp-content\/uploads\/2021\/03\/sourdeac-et-gite-couleur-1024x470.jpg 1024w, https:\/\/www.sourdeac.fr\/wp-content\/uploads\/2021\/03\/sourdeac-et-gite-couleur-300x138.jpg 300w, https:\/\/www.sourdeac.fr\/wp-content\/uploads\/2021\/03\/sourdeac-et-gite-couleur-768x352.jpg 768w, https:\/\/www.sourdeac.fr\/wp-content\/uploads\/2021\/03\/sourdeac-et-gite-couleur-1536x704.jpg 1536w, https:\/\/www.sourdeac.fr\/wp-content\/uploads\/2021\/03\/sourdeac-et-gite-couleur.jpg 2048w\" sizes=\"(max-width: 580px) 100vw, 580px\" \/>\t\t\t\t\t\t\t\t\t\t\t<figcaption class=\"widget-image-caption wp-caption-text\">A gauche, l'arri\u00e8re du g\u00eete et \u00e0 droite le ch\u00e2teau de Sourd\u00e9ac<\/figcaption>\n\t\t\t\t\t\t\t\t\t\t<\/figure>\n\t\t\t\t\t\t\t\t\t<\/div>\n\t\t\t\t<\/div>\n\t\t\t\t\t<\/div>\n\t\t<\/div>\n\t\t\t\t\t<\/div>\n\t\t<\/section>\n\t\t\t\t<section class=\"elementor-section elementor-top-section elementor-element elementor-element-e5f1a7f elementor-section-boxed elementor-section-height-default elementor-section-height-default\" data-id=\"e5f1a7f\" data-element_type=\"section\">\n\t\t\t\t\t\t<div class=\"elementor-container elementor-column-gap-default\">\n\t\t\t\t\t<div class=\"elementor-column elementor-col-100 elementor-top-column elementor-element elementor-element-2bd0cb7\" data-id=\"2bd0cb7\" data-element_type=\"column\">\n\t\t\t<div class=\"elementor-widget-wrap elementor-element-populated\">\n\t\t\t\t\t\t<div class=\"elementor-element elementor-element-4b6d330 elementor-widget elementor-widget-text-editor\" data-id=\"4b6d330\" data-element_type=\"widget\" data-widget_type=\"text-editor.default\">\n\t\t\t\t<div class=\"elementor-widget-container\">\n\t\t\t\t\t\t\t\t\t<p>Sourd\u00e9ac, construit au XVe si\u00e8cle, fut successivement propri\u00e9t\u00e9 des La Motte, les Quintin, les &#8230; Vers 1550, Jean V de Rieux rach\u00e8te le ch\u00e2teau, rajoute la tour octogonale, pour en faire une demeure Renaissance confortable. Apr\u00e8s la R\u00e9volution, Sourd\u00e9ac, confisqu\u00e9 comme bien d&rsquo;\u00e9migr\u00e9, est vendu aux ench\u00e8res \u00e0 M. Eoche-Duval. Cette famille le vendra en 1903 au Docteur Bellouard, de Nantes. Mes parents l&rsquo;ach\u00e8tent en 1947 et y installent ma grand-m\u00e8re et une de ses filles.&nbsp; Sourd\u00e9ac est donc notre propri\u00e9t\u00e9 de famille depuis trois g\u00e9n\u00e9rations.<\/p>\n<p>Maison de vacances d&rsquo;abord, elle est notre r\u00e9sidence permanente depuis 2002 (\u00e0 notre retraite). Les communs ont \u00e9t\u00e9 partiellement am\u00e9nag\u00e9s en g\u00eete depuis 1984 et sont encore souvent en location \u00e0 travers AirBnB. En 2000, nous avons ouvert deux chambres d&rsquo;h\u00f4tes dans le ch\u00e2teau lui-m\u00eame, mais cette activit\u00e9 devient exceptionnelle (sur demande particuli\u00e8re). C&rsquo;est maintenant le joyeux point de ralliement de nos quatre m\u00e9nages et de nos 20 petits-enfants.<\/p>\t\t\t\t\t\t\t\t<\/div>\n\t\t\t\t<\/div>\n\t\t\t\t\t<\/div>\n\t\t<\/div>\n\t\t\t\t\t<\/div>\n\t\t<\/section>\n\t\t\t\t<section class=\"elementor-section elementor-top-section elementor-element elementor-element-7a852fa elementor-section-boxed elementor-section-height-default elementor-section-height-default\" data-id=\"7a852fa\" data-element_type=\"section\">\n\t\t\t\t\t\t<div class=\"elementor-container elementor-column-gap-default\">\n\t\t\t\t\t<div class=\"elementor-column elementor-col-100 elementor-top-column elementor-element elementor-element-3a2a205\" data-id=\"3a2a205\" data-element_type=\"column\">\n\t\t\t<div class=\"elementor-widget-wrap elementor-element-populated\">\n\t\t\t\t\t\t<div class=\"elementor-element elementor-element-f09c1b6 premium-blog-align-left elementor-widget elementor-widget-premium-addon-blog\" data-id=\"f09c1b6\" data-element_type=\"widget\" data-settings=\"{&quot;premium_blog_columns_number&quot;:&quot;33.33%&quot;,&quot;premium_blog_grid&quot;:&quot;yes&quot;,&quot;premium_blog_layout&quot;:&quot;even&quot;,&quot;premium_blog_columns_number_tablet&quot;:&quot;50%&quot;,&quot;premium_blog_columns_number_mobile&quot;:&quot;100%&quot;}\" data-widget_type=\"premium-addon-blog.default\">\n\t\t\t\t<div class=\"elementor-widget-container\">\n\t\t\t\t\t\n\t\t\n\n\t\t\t\t<div class=\"premium-blog-wrap  premium-blog-even\" data-page=\"698\">\n\t\t\t\t\t\t\t\t\t<div class=\"premium-blog-post-outer-container\" data-total=\"1\">\n\t\t\t<div class=\"premium-blog-post-container premium-blog-skin-classic\">\n\t\t\t\t\t\t\t\t\t<div class=\"premium-blog-thumb-effect-wrapper\">\n\t\t\t\t\t\t<div class=\"premium-blog-thumbnail-container premium-blog-zoomin-effect\">\n\t\t\t\t\t\t\t<img decoding=\"async\" width=\"1600\" height=\"1200\" src=\"https:\/\/www.sourdeac.fr\/wp-content\/uploads\/2021\/03\/puits-rochefort-en-terre.jpg\" class=\"attachment-full size-full wp-image-846\" alt=\"\" srcset=\"https:\/\/www.sourdeac.fr\/wp-content\/uploads\/2021\/03\/puits-rochefort-en-terre.jpg 1600w, https:\/\/www.sourdeac.fr\/wp-content\/uploads\/2021\/03\/puits-rochefort-en-terre-300x225.jpg 300w, https:\/\/www.sourdeac.fr\/wp-content\/uploads\/2021\/03\/puits-rochefort-en-terre-1024x768.jpg 1024w, https:\/\/www.sourdeac.fr\/wp-content\/uploads\/2021\/03\/puits-rochefort-en-terre-768x576.jpg 768w, https:\/\/www.sourdeac.fr\/wp-content\/uploads\/2021\/03\/puits-rochefort-en-terre-1536x1152.jpg 1536w\" sizes=\"(max-width: 1600px) 100vw, 1600px\" \/>\t\t\t\t\t\t<\/div>\n\t\t\t\t\t\t\t\t\t\t\t\t\t<div class=\"premium-blog-thumbnail-overlay\">\n\t\t\t\t\t\t\t\t<a class=\"elementor-icon\" href=\"https:\/\/www.sourdeac.fr\/?p=845\" target=\"_blank\"><\/a>\n\t\t\t\t\t\t\t<\/div>\n\n\t\t\t\t\t\t\t\t\t\t\t\t\t\t\t\t\t\t<\/div>\n\t\t\t\t\t\t\t\t\t\t\t\t<div class=\"premium-blog-content-wrapper \">\n\n\t\t\t\t\t<div class=\"premium-blog-inner-container\">\n\n\t\t\t\t\t\t\t\t\t\t\t\t\t\t<h2 class=\"premium-blog-entry-title\">\n\t\t\t<a href=\"https:\/\/www.sourdeac.fr\/?p=845\" target=\"_blank\">\n\t\t\t\tRochefort-en-Terre\t\t\t<\/a>\n\t\t<\/h2>\n\t\t\t\t<div class=\"premium-blog-entry-meta\">\n\t\t\t\n\t\t\t\t\t\t\t<span class=\"premium-blog-meta-separator\">\u2022<\/span>\n\t\t\t\t<div class=\"premium-blog-post-time premium-blog-meta-data\">\n\t\t\t\t\t<i class=\"fa fa-calendar-alt\" aria-hidden=\"true\"><\/i>\n\t\t\t\t\t<span>26\/03\/2021<\/span>\n\t\t\t\t<\/div>\n\t\t\t\n\t\t\t\n\t\t\t\t\t<\/div>\n\t\t\n\t\t\t\t\t<\/div>\n\n\t\t\t\t\t\t\t<div class=\"premium-blog-content-inner-wrapper\">\n\t\t<p class=\"premium-blog-post-content\">En 2016 cette \u00ab\u00a0Petite cit\u00e9 de caract\u00e8re\u00a0\u00bb \u00e9tait \u00e9lue par la France \u00ab\u00a0Village pr\u00e9f\u00e9r\u00e9 des Fran\u00e7ais\u00a0\u00bb dans le cadre d&rsquo;une \u00e9mission de \u2026<\/p>\t\t<\/div>\n\t\t\t\t\t\t\t\n\t\t\t\t<\/div>\n\t\t\t<\/div>\n\t\t<\/div>\n\n\t\t\t\t<div class=\"premium-blog-post-outer-container\" data-total=\"1\">\n\t\t\t<div class=\"premium-blog-post-container premium-blog-skin-classic\">\n\t\t\t\t\t\t\t\t\t<div class=\"premium-blog-thumb-effect-wrapper\">\n\t\t\t\t\t\t<div class=\"premium-blog-thumbnail-container premium-blog-zoomin-effect\">\n\t\t\t\t\t\t\t<img decoding=\"async\" width=\"600\" height=\"397\" src=\"https:\/\/www.sourdeac.fr\/wp-content\/uploads\/2021\/03\/tour_de_france_redon.jpg\" class=\"attachment-full size-full wp-image-862\" alt=\"\" srcset=\"https:\/\/www.sourdeac.fr\/wp-content\/uploads\/2021\/03\/tour_de_france_redon.jpg 600w, https:\/\/www.sourdeac.fr\/wp-content\/uploads\/2021\/03\/tour_de_france_redon-300x199.jpg 300w\" sizes=\"(max-width: 600px) 100vw, 600px\" \/>\t\t\t\t\t\t<\/div>\n\t\t\t\t\t\t\t\t\t\t\t\t\t<div class=\"premium-blog-thumbnail-overlay\">\n\t\t\t\t\t\t\t\t<a class=\"elementor-icon\" href=\"https:\/\/www.sourdeac.fr\/?p=834\" target=\"_blank\"><\/a>\n\t\t\t\t\t\t\t<\/div>\n\n\t\t\t\t\t\t\t\t\t\t\t\t\t\t\t\t\t\t<\/div>\n\t\t\t\t\t\t\t\t\t\t\t\t<div class=\"premium-blog-content-wrapper \">\n\n\t\t\t\t\t<div class=\"premium-blog-inner-container\">\n\n\t\t\t\t\t\t\t\t\t\t\t\t\t\t<h2 class=\"premium-blog-entry-title\">\n\t\t\t<a href=\"https:\/\/www.sourdeac.fr\/?p=834\" target=\"_blank\">\n\t\t\t\tLe Tour de France 2021 \u00e0 Redon\t\t\t<\/a>\n\t\t<\/h2>\n\t\t\t\t<div class=\"premium-blog-entry-meta\">\n\t\t\t\n\t\t\t\t\t\t\t<span class=\"premium-blog-meta-separator\">\u2022<\/span>\n\t\t\t\t<div class=\"premium-blog-post-time premium-blog-meta-data\">\n\t\t\t\t\t<i class=\"fa fa-calendar-alt\" aria-hidden=\"true\"><\/i>\n\t\t\t\t\t<span>26\/03\/2021<\/span>\n\t\t\t\t<\/div>\n\t\t\t\n\t\t\t\n\t\t\t\t\t<\/div>\n\t\t\n\t\t\t\t\t<\/div>\n\n\t\t\t\t\t\t\t<div class=\"premium-blog-content-inner-wrapper\">\n\t\t<p class=\"premium-blog-post-content\">En 2011, la ville avait accueilli le Tour en \u00e9tape d&rsquo;arriv\u00e9e. Il est \u00e9galement pass\u00e9 par Redon en 2018 lors de l&rsquo;\u00e9tape \u2026<\/p>\t\t<\/div>\n\t\t\t\t\t\t\t\n\t\t\t\t<\/div>\n\t\t\t<\/div>\n\t\t<\/div>\n\n\t\t\t\t\t\t\t<\/div>\n\n\t\t\n\t\t\n\t\t\t\t\t\t<\/div>\n\t\t\t\t<\/div>\n\t\t\t\t\t<\/div>\n\t\t<\/div>\n\t\t\t\t\t<\/div>\n\t\t<\/section>\n\t\t\t\t<section class=\"elementor-section elementor-top-section elementor-element elementor-element-c736192 elementor-section-boxed elementor-section-height-default elementor-section-height-default\" data-id=\"c736192\" data-element_type=\"section\">\n\t\t\t\t\t\t<div class=\"elementor-container elementor-column-gap-default\">\n\t\t\t\t\t<div class=\"elementor-column elementor-col-100 elementor-top-column elementor-element elementor-element-219d83a\" data-id=\"219d83a\" data-element_type=\"column\">\n\t\t\t<div class=\"elementor-widget-wrap elementor-element-populated\">\n\t\t\t\t\t\t<div class=\"elementor-element elementor-element-c65bbc4 elementor-widget elementor-widget-google_maps\" data-id=\"c65bbc4\" data-element_type=\"widget\" data-widget_type=\"google_maps.default\">\n\t\t\t\t<div class=\"elementor-widget-container\">\n\t\t\t\t\t\t\t<div class=\"elementor-custom-embed\">\n\t\t\t<iframe loading=\"lazy\"\n\t\t\t\t\tsrc=\"https:\/\/maps.google.com\/maps?q=chateau%20de%20Sourd%C3%A9ac%2C%20Gl%C3%A9nac&#038;t=m&#038;z=10&#038;output=embed&#038;iwloc=near\"\n\t\t\t\t\ttitle=\"chateau de Sourd\u00e9ac, Gl\u00e9nac\"\n\t\t\t\t\taria-label=\"chateau de Sourd\u00e9ac, Gl\u00e9nac\"\n\t\t\t><\/iframe>\n\t\t<\/div>\n\t\t\t\t\t\t<\/div>\n\t\t\t\t<\/div>\n\t\t\t\t\t<\/div>\n\t\t<\/div>\n\t\t\t\t\t<\/div>\n\t\t<\/section>\n\t\t\t\t<section class=\"elementor-section elementor-top-section elementor-element elementor-element-7fd47b9 elementor-section-boxed elementor-section-height-default elementor-section-height-default\" data-id=\"7fd47b9\" data-element_type=\"section\">\n\t\t\t\t\t\t<div class=\"elementor-container elementor-column-gap-default\">\n\t\t\t\t\t<div class=\"elementor-column elementor-col-100 elementor-top-column elementor-element elementor-element-ef2f886\" data-id=\"ef2f886\" data-element_type=\"column\">\n\t\t\t<div class=\"elementor-widget-wrap elementor-element-populated\">\n\t\t\t\t\t\t<div class=\"elementor-element elementor-element-68692df elementor-widget-divider--view-line elementor-widget elementor-widget-divider\" data-id=\"68692df\" data-element_type=\"widget\" data-widget_type=\"divider.default\">\n\t\t\t\t<div class=\"elementor-widget-container\">\n\t\t\t\t\t\t\t<div class=\"elementor-divider\">\n\t\t\t<span class=\"elementor-divider-separator\">\n\t\t\t\t\t\t<\/span>\n\t\t<\/div>\n\t\t\t\t\t\t<\/div>\n\t\t\t\t<\/div>\n\t\t\t\t\t<\/div>\n\t\t<\/div>\n\t\t\t\t\t<\/div>\n\t\t<\/section>\n\t\t\t\t<section class=\"elementor-section elementor-top-section elementor-element elementor-element-4b689f9 elementor-section-boxed elementor-section-height-default elementor-section-height-default\" data-id=\"4b689f9\" data-element_type=\"section\">\n\t\t\t\t\t\t<div class=\"elementor-container elementor-column-gap-default\">\n\t\t\t\t\t<div class=\"elementor-column elementor-col-33 elementor-top-column elementor-element elementor-element-b68ee12\" data-id=\"b68ee12\" data-element_type=\"column\">\n\t\t\t<div class=\"elementor-widget-wrap elementor-element-populated\">\n\t\t\t\t\t\t<div class=\"elementor-element elementor-element-205799b elementor-align-center elementor-widget elementor-widget-button\" data-id=\"205799b\" data-element_type=\"widget\" data-widget_type=\"button.default\">\n\t\t\t\t<div class=\"elementor-widget-container\">\n\t\t\t\t\t\t\t\t\t<div class=\"elementor-button-wrapper\">\n\t\t\t\t\t<a class=\"elementor-button elementor-button-link elementor-size-sm\" href=\"#\">\n\t\t\t\t\t\t<span class=\"elementor-button-content-wrapper\">\n\t\t\t\t\t\t\t\t\t<span class=\"elementor-button-text\">Nous contacter<\/span>\n\t\t\t\t\t<\/span>\n\t\t\t\t\t<\/a>\n\t\t\t\t<\/div>\n\t\t\t\t\t\t\t\t<\/div>\n\t\t\t\t<\/div>\n\t\t\t\t\t<\/div>\n\t\t<\/div>\n\t\t\t\t<div class=\"elementor-column elementor-col-33 elementor-top-column elementor-element elementor-element-d44abc5\" data-id=\"d44abc5\" data-element_type=\"column\">\n\t\t\t<div class=\"elementor-widget-wrap\">\n\t\t\t\t\t\t\t<\/div>\n\t\t<\/div>\n\t\t\t\t<div class=\"elementor-column elementor-col-33 elementor-top-column elementor-element elementor-element-2b42ce9\" data-id=\"2b42ce9\" data-element_type=\"column\">\n\t\t\t<div class=\"elementor-widget-wrap elementor-element-populated\">\n\t\t\t\t\t\t<div class=\"elementor-element elementor-element-0b9653b elementor-view-default elementor-widget elementor-widget-icon\" data-id=\"0b9653b\" data-element_type=\"widget\" data-widget_type=\"icon.default\">\n\t\t\t\t<div class=\"elementor-widget-container\">\n\t\t\t\t\t\t\t<div class=\"elementor-icon-wrapper\">\n\t\t\t<a class=\"elementor-icon\" href=\"#top\">\n\t\t\t<i aria-hidden=\"true\" class=\"far fa-arrow-alt-circle-up\"><\/i>\t\t\t<\/a>\n\t\t<\/div>\n\t\t\t\t\t\t<\/div>\n\t\t\t\t<\/div>\n\t\t\t\t\t<\/div>\n\t\t<\/div>\n\t\t\t\t\t<\/div>\n\t\t<\/section>\n\t\t\t\t<\/div>\n\t\t","protected":false},"excerpt":{"rendered":"<p>Bienvenue sur le site de Sourd\u00e9ac, \u00e0 Gl\u00e9nac, sur La Gacilly, dans le Morbihan int\u00e9rieur. A gauche, l&rsquo;arri\u00e8re du g\u00eete et \u00e0 droite le ch\u00e2teau de Sourd\u00e9ac Sourd\u00e9ac, construit au XVe si\u00e8cle, fut successivement propri\u00e9t\u00e9 des La Motte, les Quintin, les &#8230; Vers 1550, Jean V de Rieux rach\u00e8te le ch\u00e2teau, rajoute la tour octogonale, [&hellip;]<\/p>\n","protected":false},"author":1,"featured_media":0,"parent":0,"menu_order":0,"comment_status":"closed","ping_status":"closed","template":"elementor_header_footer","meta":{"_monsterinsights_skip_tracking":false,"_monsterinsights_sitenote_active":false,"_monsterinsights_sitenote_note":"","_monsterinsights_sitenote_category":0,"footnotes":""},"class_list":["post-698","page","type-page","status-publish","hentry"],"yoast_head":"<!-- This site is optimized with the Yoast SEO plugin v27.5 - https:\/\/yoast.com\/product\/yoast-seo-wordpress\/ -->\n<title>Accueil - Sourd\u00e9ac<\/title>\n<meta name=\"robots\" content=\"index, follow, max-snippet:-1, max-image-preview:large, max-video-preview:-1\" \/>\n<link rel=\"canonical\" href=\"https:\/\/www.sourdeac.fr\/\" \/>\n<meta property=\"og:locale\" content=\"fr_FR\" \/>\n<meta property=\"og:type\" content=\"article\" \/>\n<meta property=\"og:title\" content=\"Accueil - Sourd\u00e9ac\" \/>\n<meta property=\"og:description\" content=\"Bienvenue sur le site de Sourd\u00e9ac, \u00e0 Gl\u00e9nac, sur La Gacilly, dans le Morbihan int\u00e9rieur. A gauche, l&rsquo;arri\u00e8re du g\u00eete et \u00e0 droite le ch\u00e2teau de Sourd\u00e9ac Sourd\u00e9ac, construit au XVe si\u00e8cle, fut successivement propri\u00e9t\u00e9 des La Motte, les Quintin, les &#8230; Vers 1550, Jean V de Rieux rach\u00e8te le ch\u00e2teau, rajoute la tour octogonale, [&hellip;]\" \/>\n<meta property=\"og:url\" content=\"https:\/\/www.sourdeac.fr\/\" \/>\n<meta property=\"og:site_name\" content=\"Sourd\u00e9ac\" \/>\n<meta property=\"article:modified_time\" content=\"2021-03-26T16:06:46+00:00\" \/>\n<meta property=\"og:image\" content=\"https:\/\/www.sourdeac.fr\/wp-content\/uploads\/2021\/03\/sourdeac-et-gite-couleur-1024x470.jpg\" \/>\n<meta name=\"twitter:card\" content=\"summary_large_image\" \/>\n<meta name=\"twitter:label1\" content=\"Dur\u00e9e de lecture estim\u00e9e\" \/>\n\t<meta name=\"twitter:data1\" content=\"2 minutes\" \/>\n<script type=\"application\/ld+json\" class=\"yoast-schema-graph\">{\"@context\":\"https:\\\/\\\/schema.org\",\"@graph\":[{\"@type\":\"WebPage\",\"@id\":\"https:\\\/\\\/www.sourdeac.fr\\\/\",\"url\":\"https:\\\/\\\/www.sourdeac.fr\\\/\",\"name\":\"Accueil - Sourd\u00e9ac\",\"isPartOf\":{\"@id\":\"https:\\\/\\\/www.sourdeac.fr\\\/#website\"},\"primaryImageOfPage\":{\"@id\":\"https:\\\/\\\/www.sourdeac.fr\\\/#primaryimage\"},\"image\":{\"@id\":\"https:\\\/\\\/www.sourdeac.fr\\\/#primaryimage\"},\"thumbnailUrl\":\"https:\\\/\\\/www.sourdeac.fr\\\/wp-content\\\/uploads\\\/2021\\\/03\\\/sourdeac-et-gite-couleur-1024x470.jpg\",\"datePublished\":\"2021-03-14T18:16:36+00:00\",\"dateModified\":\"2021-03-26T16:06:46+00:00\",\"breadcrumb\":{\"@id\":\"https:\\\/\\\/www.sourdeac.fr\\\/#breadcrumb\"},\"inLanguage\":\"fr-FR\",\"potentialAction\":[{\"@type\":\"ReadAction\",\"target\":[\"https:\\\/\\\/www.sourdeac.fr\\\/\"]}]},{\"@type\":\"ImageObject\",\"inLanguage\":\"fr-FR\",\"@id\":\"https:\\\/\\\/www.sourdeac.fr\\\/#primaryimage\",\"url\":\"https:\\\/\\\/www.sourdeac.fr\\\/wp-content\\\/uploads\\\/2021\\\/03\\\/sourdeac-et-gite-couleur.jpg\",\"contentUrl\":\"https:\\\/\\\/www.sourdeac.fr\\\/wp-content\\\/uploads\\\/2021\\\/03\\\/sourdeac-et-gite-couleur.jpg\",\"width\":2048,\"height\":939},{\"@type\":\"BreadcrumbList\",\"@id\":\"https:\\\/\\\/www.sourdeac.fr\\\/#breadcrumb\",\"itemListElement\":[{\"@type\":\"ListItem\",\"position\":1,\"name\":\"Accueil\",\"item\":\"https:\\\/\\\/www.sourdeac.fr\\\/\"},{\"@type\":\"ListItem\",\"position\":2,\"name\":\"Accueil\"}]},{\"@type\":\"WebSite\",\"@id\":\"https:\\\/\\\/www.sourdeac.fr\\\/#website\",\"url\":\"https:\\\/\\\/www.sourdeac.fr\\\/\",\"name\":\"Sourd\u00e9ac\",\"description\":\"Une maison de famille, son histoire, ses habitants, ses activit\u00e9s, ...\",\"potentialAction\":[{\"@type\":\"SearchAction\",\"target\":{\"@type\":\"EntryPoint\",\"urlTemplate\":\"https:\\\/\\\/www.sourdeac.fr\\\/?s={search_term_string}\"},\"query-input\":{\"@type\":\"PropertyValueSpecification\",\"valueRequired\":true,\"valueName\":\"search_term_string\"}}],\"inLanguage\":\"fr-FR\"}]}<\/script>\n<!-- \/ Yoast SEO plugin. -->","yoast_head_json":{"title":"Accueil - Sourd\u00e9ac","robots":{"index":"index","follow":"follow","max-snippet":"max-snippet:-1","max-image-preview":"max-image-preview:large","max-video-preview":"max-video-preview:-1"},"canonical":"https:\/\/www.sourdeac.fr\/","og_locale":"fr_FR","og_type":"article","og_title":"Accueil - Sourd\u00e9ac","og_description":"Bienvenue sur le site de Sourd\u00e9ac, \u00e0 Gl\u00e9nac, sur La Gacilly, dans le Morbihan int\u00e9rieur. A gauche, l&rsquo;arri\u00e8re du g\u00eete et \u00e0 droite le ch\u00e2teau de Sourd\u00e9ac Sourd\u00e9ac, construit au XVe si\u00e8cle, fut successivement propri\u00e9t\u00e9 des La Motte, les Quintin, les &#8230; Vers 1550, Jean V de Rieux rach\u00e8te le ch\u00e2teau, rajoute la tour octogonale, [&hellip;]","og_url":"https:\/\/www.sourdeac.fr\/","og_site_name":"Sourd\u00e9ac","article_modified_time":"2021-03-26T16:06:46+00:00","og_image":[{"url":"https:\/\/www.sourdeac.fr\/wp-content\/uploads\/2021\/03\/sourdeac-et-gite-couleur-1024x470.jpg","type":"","width":"","height":""}],"twitter_card":"summary_large_image","twitter_misc":{"Dur\u00e9e de lecture estim\u00e9e":"2 minutes"},"schema":{"@context":"https:\/\/schema.org","@graph":[{"@type":"WebPage","@id":"https:\/\/www.sourdeac.fr\/","url":"https:\/\/www.sourdeac.fr\/","name":"Accueil - Sourd\u00e9ac","isPartOf":{"@id":"https:\/\/www.sourdeac.fr\/#website"},"primaryImageOfPage":{"@id":"https:\/\/www.sourdeac.fr\/#primaryimage"},"image":{"@id":"https:\/\/www.sourdeac.fr\/#primaryimage"},"thumbnailUrl":"https:\/\/www.sourdeac.fr\/wp-content\/uploads\/2021\/03\/sourdeac-et-gite-couleur-1024x470.jpg","datePublished":"2021-03-14T18:16:36+00:00","dateModified":"2021-03-26T16:06:46+00:00","breadcrumb":{"@id":"https:\/\/www.sourdeac.fr\/#breadcrumb"},"inLanguage":"fr-FR","potentialAction":[{"@type":"ReadAction","target":["https:\/\/www.sourdeac.fr\/"]}]},{"@type":"ImageObject","inLanguage":"fr-FR","@id":"https:\/\/www.sourdeac.fr\/#primaryimage","url":"https:\/\/www.sourdeac.fr\/wp-content\/uploads\/2021\/03\/sourdeac-et-gite-couleur.jpg","contentUrl":"https:\/\/www.sourdeac.fr\/wp-content\/uploads\/2021\/03\/sourdeac-et-gite-couleur.jpg","width":2048,"height":939},{"@type":"BreadcrumbList","@id":"https:\/\/www.sourdeac.fr\/#breadcrumb","itemListElement":[{"@type":"ListItem","position":1,"name":"Accueil","item":"https:\/\/www.sourdeac.fr\/"},{"@type":"ListItem","position":2,"name":"Accueil"}]},{"@type":"WebSite","@id":"https:\/\/www.sourdeac.fr\/#website","url":"https:\/\/www.sourdeac.fr\/","name":"Sourd\u00e9ac","description":"Une maison de famille, son histoire, ses habitants, ses activit\u00e9s, ...","potentialAction":[{"@type":"SearchAction","target":{"@type":"EntryPoint","urlTemplate":"https:\/\/www.sourdeac.fr\/?s={search_term_string}"},"query-input":{"@type":"PropertyValueSpecification","valueRequired":true,"valueName":"search_term_string"}}],"inLanguage":"fr-FR"}]}},"_links":{"self":[{"href":"https:\/\/www.sourdeac.fr\/index.php?rest_route=\/wp\/v2\/pages\/698","targetHints":{"allow":["GET"]}}],"collection":[{"href":"https:\/\/www.sourdeac.fr\/index.php?rest_route=\/wp\/v2\/pages"}],"about":[{"href":"https:\/\/www.sourdeac.fr\/index.php?rest_route=\/wp\/v2\/types\/page"}],"author":[{"embeddable":true,"href":"https:\/\/www.sourdeac.fr\/index.php?rest_route=\/wp\/v2\/users\/1"}],"replies":[{"embeddable":true,"href":"https:\/\/www.sourdeac.fr\/index.php?rest_route=%2Fwp%2Fv2%2Fcomments&post=698"}],"version-history":[{"count":14,"href":"https:\/\/www.sourdeac.fr\/index.php?rest_route=\/wp\/v2\/pages\/698\/revisions"}],"predecessor-version":[{"id":858,"href":"https:\/\/www.sourdeac.fr\/index.php?rest_route=\/wp\/v2\/pages\/698\/revisions\/858"}],"wp:attachment":[{"href":"https:\/\/www.sourdeac.fr\/index.php?rest_route=%2Fwp%2Fv2%2Fmedia&parent=698"}],"curies":[{"name":"wp","href":"https:\/\/api.w.org\/{rel}","templated":true}]}}